{"id":291,"date":"2023-03-15T20:25:13","date_gmt":"2023-03-15T19:25:13","guid":{"rendered":"http:\/\/leptitbain.org\/?page_id=291"},"modified":"2023-03-17T16:04:07","modified_gmt":"2023-03-17T15:04:07","slug":"politique-de-protection-des-donnees-personnelles","status":"publish","type":"page","link":"https:\/\/www.leptitbain.org\/?page_id=291","title":{"rendered":"Politique de protection des donn\u00e9es personnelles"},"content":{"rendered":"\n<h6 class=\"has-custom-bleu-color has-text-color wp-block-heading\"><strong>1. Objet et Champ d&rsquo;application<\/strong><\/h6>\n\n\n\n<p class=\"has-custom-bleu-color has-text-color\">Le P&rsquo;tit Bain (ci-apr\u00e8s mentionn\u00e9 \u00ab\u00a0nous\u00a0\u00bb) est soucieux de la vie priv\u00e9e de ces internautes (ci-apr\u00e8s \u00ab\u00a0vous\u00a0\u00bb) et s&rsquo;engage \u00e0 assurer le meilleur niveau de protection des donn\u00e9es personnelles que vous lui confiez.<\/p>\n\n\n\n<p class=\"has-custom-bleu-color has-text-color has-link-color wp-elements-7ef0047c89971111f443dba9ba74c08d\">Cette politique de protection a pour objet de vous informer de la mani\u00e8re dont nous traitons vos donn\u00e9es personnelles que vous nous fournissez et que nous recueillons dans le cadre de votre utilisation du site web : <a href=\"https:\/\/www.leptitbain.org\/\">https:\/\/www.leptitbain.org\/<\/a><\/p>\n\n\n\n<p class=\"has-custom-bleu-color has-text-color\">Elle respecte la r\u00e9glementation en vigueur applicable en mati\u00e8re de protection des donn\u00e9es, notamment le R\u00e8glement G\u00e9n\u00e9ral sur le Protection des Donn\u00e9es du 27 avril 2016 et la loi Informatique et Libert\u00e9s du 6 janvier 1978 modifi\u00e9e. <\/p>\n\n\n\n<div style=\"height:10px\" aria-hidden=\"true\" class=\"wp-block-spacer\"><\/div>\n\n\n\n<h6 class=\"has-custom-bleu-color has-text-color wp-block-heading\"><strong>2. Objectifs du traitement de vos donn\u00e9es personnelles<\/strong><\/h6>\n\n\n\n<p class=\"has-custom-bleu-color has-text-color\">Nous collectons vos donn\u00e9es dans le but de :<\/p>\n\n\n\n<ul class=\"has-custom-bleu-color has-text-color wp-block-list\">\n<li>g\u00e9rer et traiter vos demandes d\u2019inscription aux immersions propos\u00e9es par Le P&rsquo;tit Bain.<\/li>\n\n\n\n<li>g\u00e9rer, traiter et suivre vos demandes d&rsquo;information, d&rsquo;aide, de contact pour ensuite vous apporter une r\u00e9ponse adapt\u00e9e.<\/li>\n\n\n\n<li>g\u00e9rer vos demandes \u00e9ventuelles d\u2019exercice des droits en mati\u00e8re de protection des donn\u00e9es personnelles.<\/li>\n\n\n\n<li>respecter nos obligations l\u00e9gales et r\u00e9glementaires r\u00e9sultant notamment de nos activit\u00e9s.<\/li>\n<\/ul>\n\n\n\n<p class=\"has-custom-bleu-color has-text-color\">Le traitement de vos donn\u00e9es personnelles est donc n\u00e9cessaire pour g\u00e9rer votre relations avec nous.<\/p>\n\n\n\n<div style=\"height:10px\" aria-hidden=\"true\" class=\"wp-block-spacer\"><\/div>\n\n\n\n<h6 class=\"has-custom-bleu-color has-text-color wp-block-heading\"><strong>3. Cat\u00e9gories de donn\u00e9es personnelles collect\u00e9es<\/strong><\/h6>\n\n\n\n<figure class=\"wp-block-table is-style-regular\"><table class=\"has-blockme-white-color has-custom-bleu-background-color has-text-color has-background has-fixed-layout\"><thead><tr><th class=\"has-text-align-left\" data-align=\"left\">Objectif du traitement<\/th><th class=\"has-text-align-left\" data-align=\"left\">Cat\u00e9gories de donn\u00e9es trait\u00e9es<\/th><\/tr><\/thead><tbody><tr><td class=\"has-text-align-left\" data-align=\"left\">Demande d&rsquo;inscription aux immersions<\/td><td class=\"has-text-align-left\" data-align=\"left\">Donn\u00e9es d&rsquo;identification : \u00e9tat civil, coordonn\u00e9es, e-mail, num\u00e9ro de t\u00e9l\u00e9phone, structure associative d&rsquo;appartenance. <\/td><\/tr><tr><td class=\"has-text-align-left\" data-align=\"left\">Demande d&rsquo;information, d&rsquo;aide ou de contact<\/td><td class=\"has-text-align-left\" data-align=\"left\">Donn\u00e9es d&rsquo;identification : \u00e9tat civil, coordonn\u00e9es, e-mail, num\u00e9ro de t\u00e9l\u00e9phone, structure associative d&rsquo;appartenance. <\/td><\/tr><\/tbody><\/table><\/figure>\n\n\n\n<p class=\"has-custom-bleu-color has-text-color\">Dans les formulaires d&rsquo;inscription pr\u00e9sents sur notre site web, certaines donn\u00e9es personnelles sont obligatoires. Elles sont mentionn\u00e9es par une ast\u00e9risque rouge et doivent \u00eatre compl\u00e9t\u00e9es pour envoyer votre demande. En cas d&rsquo;absence de ces renseignements, nous ne pourrons donner suite \u00e0 votre demande.<\/p>\n\n\n\n<div style=\"height:10px\" aria-hidden=\"true\" class=\"wp-block-spacer\"><\/div>\n\n\n\n<h6 class=\"has-custom-bleu-color has-text-color wp-block-heading\"><strong>4. Destinataires de vos donn\u00e9es personnelles<\/strong><\/h6>\n\n\n\n<p class=\"has-custom-bleu-color has-text-color\">Vos donn\u00e9es personnelles sont transmisses et trait\u00e9es par des personnes habilit\u00e9es du P&rsquo;tit Bain.<\/p>\n\n\n\n<p class=\"has-custom-bleu-color has-text-color\">Cependant, ce projet \u00e9tant collaboratif, il est possible que vos donn\u00e9es personnelles soient communiqu\u00e9es au(x) responsable(s) des immersions de l&rsquo;une de nos associations partenaires pour que vous puissiez obtenir une r\u00e9ponse adapt\u00e9e \u00e0 votre demande. A ce titre, il est pr\u00e9cis\u00e9 que ces derniers :<\/p>\n\n\n\n<ul class=\"has-custom-bleu-color has-text-color wp-block-list\">\n<li>ont un acc\u00e8s limit\u00e9 \u00e0 vos donn\u00e9es personnelles, uniquement pour la r\u00e9alisation de l\u2019ex\u00e9cution de leurs prestations.<\/li>\n\n\n\n<li>ont une obligation contractuelle de les utiliser en conformit\u00e9 avec nos instructions et avec les dispositions l\u00e9gales en mati\u00e8re de protection des donn\u00e9es personnelles.<\/li>\n<\/ul>\n\n\n\n<p class=\"has-custom-bleu-color has-text-color\">Par ailleurs, nous sommes susceptibles de communiquer certaines de vos donn\u00e9es \u00e0 la demande des autorit\u00e9s judiciaires, polici\u00e8res ou administratives l\u00e9galement habilit\u00e9es \u00e0 en conna\u00eetre.<\/p>\n\n\n\n<div style=\"height:10px\" aria-hidden=\"true\" class=\"wp-block-spacer\"><\/div>\n\n\n\n<h6 class=\"has-custom-bleu-color has-text-color wp-block-heading\"><strong>5. Dur\u00e9e de conservation de vos donn\u00e9es personnelles<\/strong><\/h6>\n\n\n\n<figure class=\"wp-block-table\"><table class=\"has-blockme-white-color has-custom-bleu-background-color has-text-color has-background has-fixed-layout\"><thead><tr><th class=\"has-text-align-left\" data-align=\"left\">Objectif du traitement<\/th><th class=\"has-text-align-left\" data-align=\"left\">Dur\u00e9e de conservation<\/th><\/tr><\/thead><tbody><tr><td class=\"has-text-align-left\" data-align=\"left\">Demande d&rsquo;inscription aux immersions<\/td><td class=\"has-text-align-left\" data-align=\"left\">1 an en ligne puis archiv\u00e9es&nbsp;pendant les d\u00e9lais de prescriptions l\u00e9gales et r\u00e9glementaires applicables ou suppression si la formation n&rsquo;a pas \u00e9t\u00e9 suivie.<\/td><\/tr><tr><td class=\"has-text-align-left\" data-align=\"left\">Demande d&rsquo;information, d&rsquo;aide ou de contact<\/td><td class=\"has-text-align-left\" data-align=\"left\">1 an \u00e0 compter de votre demande puis suppression<\/td><\/tr><\/tbody><\/table><\/figure>\n\n\n\n<div style=\"height:10px\" aria-hidden=\"true\" class=\"wp-block-spacer\"><\/div>\n\n\n\n<h6 class=\"has-custom-bleu-color has-text-color wp-block-heading\"><strong>6. Vos droits en mati\u00e8re de protection de donn\u00e9es <\/strong><\/h6>\n\n\n\n<p class=\"has-custom-bleu-color has-text-color\">Conform\u00e9ment \u00e0 la r\u00e8glementation applicable en mati\u00e8re de protection des donn\u00e9es, vous disposez d\u2019un droit d\u2019acc\u00e8s et d\u2019un droit de rectification de vos donn\u00e9es. Vous b\u00e9n\u00e9ficiez dans certains cas, d\u2019un droit de suppression, de limitation du traitement et d\u2019un droit \u00e0 la portabilit\u00e9 de vos donn\u00e9es. Vous disposez en outre d\u2019un droit d\u2019opposition \u00e0 ce que les donn\u00e9es \u00e0 caract\u00e8re personnel vous concernant fassent l\u2019objet d\u2019un traitement, et d\u2019un droit d\u2019opposition \u00e0 ce que vos donn\u00e9es soient utilis\u00e9es \u00e0 des fins de prospection. Par ailleurs, vous pouvez d\u00e9finir des directives g\u00e9n\u00e9rales relatives au sort de vos donn\u00e9es personnelles et \u00e0 la mani\u00e8re dont vous souhaitez que vos droits soient exerc\u00e9s apr\u00e8s votre d\u00e9c\u00e8s.<\/p>\n\n\n\n<p class=\"has-custom-bleu-color has-text-color\">Vous pouvez exercer vos droits par e-mail \u00e0 l&rsquo;adresse <strong>anais.guimard@croix-rouge.fr<\/strong> ou par courrier postal en indiquant le service concern\u00e9, \u00e0 l\u2019adresse suivante&nbsp;:<\/p>\n\n\n\n<p class=\"has-custom-bleu-color has-text-color\"><strong>CHRS de Poitiers Croix-Rouge fran\u00e7aise<\/strong><\/p>\n\n\n\n<p class=\"has-custom-bleu-color has-text-color\"><strong>39 Rue de la Chauvinerie<\/strong><\/p>\n\n\n\n<p class=\"has-custom-bleu-color has-text-color\"><strong>86000 POITIERS<\/strong><\/p>\n\n\n\n<div style=\"height:10px\" aria-hidden=\"true\" class=\"wp-block-spacer\"><\/div>\n\n\n\n<p class=\"has-custom-bleu-color has-text-color\">En cas de difficult\u00e9s, vous pouvez contacter le D\u00e9l\u00e9gu\u00e9 \u00e0 la protection des donn\u00e9es (DPO) par e-mail ou par courrier&nbsp;postal \u00e0 l\u2019adresse mentionn\u00e9e ci-dessus.<\/p>\n\n\n\n<p class=\"has-custom-bleu-color has-text-color has-link-color wp-elements-593e089e0f30cca64ba8d73773d2c6b2\">Nos formulaires d&rsquo;inscription collecte parmi vos donn\u00e9es personnelles, votre num\u00e9ro de t\u00e9l\u00e9phone. A ce titre, vous avez la possibilit\u00e9, en tant que consommateur, de vous inscrire gratuitement sur la liste d\u2019opposition au d\u00e9marchage t\u00e9l\u00e9phonique \u00ab&nbsp;<a href=\"https:\/\/conso.bloctel.fr\/\">Bloctel<\/a>&nbsp;\u00bb.<\/p>\n\n\n\n<p class=\"has-custom-bleu-color has-text-color has-link-color wp-elements-08c8a7aebd71b4987a3e5ab5571e1332\">Vous pouvez enfin d\u00e9poser une r\u00e9clamation aupr\u00e8s de l\u2019autorit\u00e9 fran\u00e7aise de protection des donn\u00e9es, la CNIL,&nbsp;<mark style=\"background-color:rgba(0, 0, 0, 0)\" class=\"has-inline-color has-custom-rouge-color\"><a href=\"https:\/\/www.cnil.fr\/fr\/services-en-ligne\" data-type=\"URL\" data-id=\"https:\/\/www.cnil.fr\/fr\/services-en-ligne\">en ligne<\/a><\/mark>&nbsp;ou par courrier postal&nbsp;\u00e0 l\u2019adresse suivante&nbsp;:<\/p>\n\n\n\n<p class=\"has-custom-bleu-color has-text-color\"><strong>CNIL<\/strong><\/p>\n\n\n\n<p class=\"has-custom-bleu-color has-text-color\"><strong>3 Place de Fontenoy<\/strong><\/p>\n\n\n\n<p class=\"has-custom-bleu-color has-text-color\"><strong>TSA 80715<\/strong><\/p>\n\n\n\n<p class=\"has-custom-bleu-color has-text-color\"><strong>&nbsp;75334 PARIS CEDEX 07<\/strong><\/p>\n\n\n\n<div style=\"height:10px\" aria-hidden=\"true\" class=\"wp-block-spacer\"><\/div>\n\n\n\n<h6 class=\"has-custom-bleu-color has-text-color wp-block-heading\"><strong>7. Mise \u00e0 jour de la politique de protection des donn\u00e9es personnelles<\/strong><\/h6>\n\n\n\n<p class=\"has-custom-bleu-color has-text-color\">Cette politique est susceptible d\u2019\u00e9voluer \u00e0 tout moment. Nous vous invitons \u00e0 la consulter r\u00e9guli\u00e8rement.<\/p>\n\n\n\n<p class=\"has-custom-bleu-color has-text-color\">Elle est accessible sur notre site mais \u00e9galement sur nos formulaires d&rsquo;inscription.<\/p>\n\n\n\n<div style=\"height:10px\" aria-hidden=\"true\" class=\"wp-block-spacer\"><\/div>\n\n\n\n<p class=\"has-custom-bleu-color has-text-color\"><em>Derni\u00e8re modification&nbsp;: 17\/03\/2023.<\/em><\/p>\n","protected":false},"excerpt":{"rendered":"<p>1. Objet et Champ d&rsquo;application Le P&rsquo;tit Bain (ci-apr\u00e8s mentionn\u00e9 \u00ab\u00a0nous\u00a0\u00bb) est soucieux de la vie priv\u00e9e de ces internautes (ci-apr\u00e8s \u00ab\u00a0vous\u00a0\u00bb) et s&rsquo;engage \u00e0&#8230;<\/p>\n","protected":false},"author":1,"featured_media":0,"parent":0,"menu_order":0,"comment_status":"closed","ping_status":"closed","template":"","meta":{"footnotes":""},"class_list":["post-291","page","type-page","status-publish","hentry"],"_links":{"self":[{"href":"https:\/\/www.leptitbain.org\/index.php?rest_route=\/wp\/v2\/pages\/291","targetHints":{"allow":["GET"]}}],"collection":[{"href":"https:\/\/www.leptitbain.org\/index.php?rest_route=\/wp\/v2\/pages"}],"about":[{"href":"https:\/\/www.leptitbain.org\/index.php?rest_route=\/wp\/v2\/types\/page"}],"author":[{"embeddable":true,"href":"https:\/\/www.leptitbain.org\/index.php?rest_route=\/wp\/v2\/users\/1"}],"replies":[{"embeddable":true,"href":"https:\/\/www.leptitbain.org\/index.php?rest_route=%2Fwp%2Fv2%2Fcomments&post=291"}],"version-history":[{"count":10,"href":"https:\/\/www.leptitbain.org\/index.php?rest_route=\/wp\/v2\/pages\/291\/revisions"}],"predecessor-version":[{"id":422,"href":"https:\/\/www.leptitbain.org\/index.php?rest_route=\/wp\/v2\/pages\/291\/revisions\/422"}],"wp:attachment":[{"href":"https:\/\/www.leptitbain.org\/index.php?rest_route=%2Fwp%2Fv2%2Fmedia&parent=291"}],"curies":[{"name":"wp","href":"https:\/\/api.w.org\/{rel}","templated":true}]}}